{"id":2022,"date":"2021-09-08T14:23:04","date_gmt":"2021-09-08T13:23:04","guid":{"rendered":"http:\/\/karate-lanester.org\/?page_id=2022"},"modified":"2021-09-08T14:27:39","modified_gmt":"2021-09-08T13:27:39","slug":"le-club","status":"publish","type":"page","link":"https:\/\/karate-lanester.org\/index.php\/le-club\/","title":{"rendered":"Le CLUB"},"content":{"rendered":"\n<p>La section\nKarat\u00e9 du Foyer La\u00efque de Lanester a \u00e9t\u00e9 cr\u00e9\u00e9e en septembre 1985 par Pierre\nYves LE TROCQUER et Jean Pierre JOSSE au sein du Foyer La\u00efque de Lanester.<\/p>\n\n\n\n<p>\u00a0 Le Dojo est situ\u00e9 \u00e0 l\u2019\u00e9tage de l\u2019ancien cin\u00e9ma \u00ab\u00a0<a href=\"https:\/\/www.foyerlaiquelanester.fr\/\">LE CELTIC<\/a>\u00a0\u00bb au 4 rue G\u00e9rard Philippe \u00e0 LANESTER<br> La section est affili\u00e9e \u00e0 la <a href=\"http:\/\/www.ffkarate.fr\">F\u00c9D\u00c9RATION FRAN\u00c7AISE DE KARAT\u00c9<\/a> ET DISCIPLINES ASSOCI\u00c9ES.<\/p>\n\n\n\n<p>Nous\npratiquons le Karat\u00e9 de l\u2019\u00c9cole SHOTOKAN.<br>\nDepuis sa cr\u00e9ation en 1985, la section karat\u00e9 est pilot\u00e9e par Pierre Yves LE\nTROCQUER avec toujours le m\u00eame souci de transmettre ce que l\u2019on a appris. D\u00e8s\nl\u2019origine il a souhait\u00e9 que la section ait plusieurs \u00e9ducateurs et que ceux-ci\nsoient reconnus par les instances f\u00e9d\u00e9rales.<\/p>\n\n\n\n<p>Dans les\nfaits, cela impliquait de toujours se former et d\u2019aider les autres \u00e0 le faire\npour permettre aux adh\u00e9rents de b\u00e9n\u00e9ficier d\u2019un enseignement \u00e9largi aux\ncomp\u00e9tences de plusieurs instructeurs. Ceux-ci participent \u00e0 diff\u00e9rents stages\nqu\u2019ils choisissent afin d\u2019enrichir leur bagage de karat\u00e9ka et \u00e9largir leurs\nchamps de comp\u00e9tences.<\/p>\n\n\n\n<p>Ainsi, pas de\nrisque de \u00ab&nbsp;clonage technique&nbsp;\u00bb des pratiquants, mais un r\u00e9el esprit\nd\u2019ouverture permettant \u00e0 chacun de trouver son mod\u00e8le technique adapt\u00e9 et\nd\u2019\u00e9voluer dans le groupe. Cette pluralit\u00e9 d\u2019intervenants permet diverses\napproches d\u2019un m\u00eame concept technique tout en restant dans une d\u00e9marche\npartag\u00e9e sur l\u2019apprentissage \u00e0 mettre en \u0153uvre et le respect du style Shotokan.<\/p>\n\n\n\n<p>Ces\n\u00e9ducateurs sont titulaires de grades de ceintures noires FFKDA et de dipl\u00f4mes d\u2019enseignement\n(brevets d\u2019Etat et F\u00e9d\u00e9raux). Le karat\u00e9 au FLL, une affaire de comp\u00e9tences\u2026<\/p>\n\n\n\n<p>Chaque ann\u00e9e,\nle FLL propose des cours anim\u00e9s par 6 \u00e0 8 formateurs valid\u00e9s par des grades\n(technique) et des dipl\u00f4mes (p\u00e9dagogie et savoir).<\/p>\n\n\n\n<p>Le club touche toutes les g\u00e9n\u00e9rations. Les plus jeunes ont 6 ans les plus vieux la soixantaine d\u00e9pass\u00e9e. Quelques parents se sont inscrits apr\u00e8s avoir d\u2019abord accompagn\u00e9 leurs enfants. Deux \u00e9ducateurs du club sont dans ce cas !<\/p>\n\n\n\n<p><\/p>\n","protected":false},"excerpt":{"rendered":"<p>La section Karat\u00e9 du Foyer La\u00efque de Lanester a \u00e9t\u00e9 cr\u00e9\u00e9e en septembre 1985 par Pierre Yves LE TROCQUER et Jean Pierre JOSSE au sein du Foyer La\u00efque de Lanester. \u00a0 Le Dojo est situ\u00e9 \u00e0 l\u2019\u00e9tage de l\u2019ancien cin\u00e9ma &hellip; <a href=\"https:\/\/karate-lanester.org\/index.php\/le-club\/\">Continuer la lecture <span class=\"meta-nav\">&rarr;<\/span><\/a><\/p>\n","protected":false},"author":1,"featured_media":0,"parent":0,"menu_order":0,"comment_status":"closed","ping_status":"closed","template":"","meta":{"footnotes":""},"class_list":["post-2022","page","type-page","status-publish","hentry"],"_links":{"self":[{"href":"https:\/\/karate-lanester.org\/index.php\/wp-json\/wp\/v2\/pages\/2022","targetHints":{"allow":["GET"]}}],"collection":[{"href":"https:\/\/karate-lanester.org\/index.php\/wp-json\/wp\/v2\/pages"}],"about":[{"href":"https:\/\/karate-lanester.org\/index.php\/wp-json\/wp\/v2\/types\/page"}],"author":[{"embeddable":true,"href":"https:\/\/karate-lanester.org\/index.php\/wp-json\/wp\/v2\/users\/1"}],"replies":[{"embeddable":true,"href":"https:\/\/karate-lanester.org\/index.php\/wp-json\/wp\/v2\/comments?post=2022"}],"version-history":[{"count":3,"href":"https:\/\/karate-lanester.org\/index.php\/wp-json\/wp\/v2\/pages\/2022\/revisions"}],"predecessor-version":[{"id":2028,"href":"https:\/\/karate-lanester.org\/index.php\/wp-json\/wp\/v2\/pages\/2022\/revisions\/2028"}],"wp:attachment":[{"href":"https:\/\/karate-lanester.org\/index.php\/wp-json\/wp\/v2\/media?parent=2022"}],"curies":[{"name":"wp","href":"https:\/\/api.w.org\/{rel}","templated":true}]}}