{"id":2058,"date":"2021-09-09T16:04:33","date_gmt":"2021-09-09T15:04:33","guid":{"rendered":"http:\/\/karate-lanester.org\/?page_id=2058"},"modified":"2021-09-09T16:12:01","modified_gmt":"2021-09-09T15:12:01","slug":"controle-pass-sanitaire","status":"publish","type":"page","link":"https:\/\/karate-lanester.org\/index.php\/controle-pass-sanitaire\/","title":{"rendered":"Contr\u00f4le Pass Sanitaire"},"content":{"rendered":"\n<p><strong>Mise en \u0153uvre du\ncontr\u00f4le passe sanitaire \u2013 section Karat\u00e9 FLL<\/strong><\/p>\n\n\n\n<h4 class=\"wp-block-heading\"><strong>1.&nbsp;&nbsp;\n<\/strong><strong>QUAND&nbsp;?<\/strong><\/h4>\n\n\n\n<p>Le contr\u00f4le est effectu\u00e9 avant chaque s\u00e9ance \u00e0 l\u2019entr\u00e9e du\nDOJO.<\/p>\n\n\n\n<p>Il concerne toutes les personnes de plus de 17 ans \u00e0 partir\ndu 10 septembre, date de d\u00e9but de saison.<\/p>\n\n\n\n<p>Il concerne toutes les personnes de plus de 12 ans \u00e0 partir\ndu 30 septembre.<\/p>\n\n\n\n<h4 class=\"wp-block-heading\">2.\u00a0\u00a0 <strong>QUI CONTR\u00d4LE\u00a0?<\/strong><\/h4>\n\n\n\n<p>Le contr\u00f4le est du ressort du professeur charg\u00e9 de\nl\u2019entrainement. Ne pouvant \u00eatre pr\u00e9sent partout \u00e0 la fois, il peut s\u2019appuyer\nsur un adjoint nomm\u00e9ment d\u00e9sign\u00e9 pour la s\u00e9ance.<\/p>\n\n\n\n<h4 class=\"wp-block-heading\">3.\u00a0\u00a0 <strong>COMMENT SE FAIT LE CONTR\u00d4LE\u00a0?<\/strong><\/h4>\n\n\n\n<p>Le meilleur outil est l\u2019application \u00ab&nbsp;TAC Verif&nbsp;\u00bb\ndisponible pour les smartphones. Cette application valide ou non le QR Code\npr\u00e9sent\u00e9 par la personne entrant dans les locaux.<\/p>\n\n\n\n<p>Dans un souci de transparence et d\u2019\u00e9quit\u00e9, le professeur ou\nla personne charg\u00e9e par lui de contr\u00f4ler les \u00ab&nbsp;passe sanitaire&nbsp;\u00bb se\ncontr\u00f4leront r\u00e9ciproquement.<\/p>\n\n\n\n<h4 class=\"wp-block-heading\">4.\u00a0\u00a0 <strong>Y A-T-IL UN CAHIER DE PR\u00c9SENCE\u00a0?<\/strong><\/h4>\n\n\n\n<p>Le cahier de pr\u00e9sence est un compl\u00e9ment dans la lutte contre\nla propagation du COVID. Il permettrait, en cas de d\u00e9couverte d\u2019un cas positif,\nd\u2019alerter \u00e0 post\u00e9riori tous les participants \u00e0 la s\u00e9ance.<\/p>\n\n\n\n<div class=\"wp-block-file\"><a href=\"https:\/\/karate-lanester.org\/wp-content\/uploads\/2021\/09\/presences-en-cours-de-karat\u00e9-1.pdf\">presences-en-cours-de-karat\u00e9-1<\/a><a href=\"https:\/\/karate-lanester.org\/wp-content\/uploads\/2021\/09\/presences-en-cours-de-karat\u00e9-1.pdf\" class=\"wp-block-file__button\" download>T\u00e9l\u00e9charger<\/a><\/div>\n\n\n\n<p>Accessoirement, il nous permet aussi de mesurer le niveau de\nfr\u00e9quentation des diff\u00e9rents cours.<\/p>\n\n\n\n<p>Chaque participant au cours devra se pointer sur le cahier\nmis \u00e0 disposition au DOJO. Ce pointage s\u2019effectue sous le contr\u00f4le du\nprofesseur ou de toute personne d\u00e9sign\u00e9e par lui pour la s\u00e9ance concern\u00e9e (idem\npoint 2)<br><\/p>\n","protected":false},"excerpt":{"rendered":"<p>Mise en \u0153uvre du contr\u00f4le passe sanitaire \u2013 section Karat\u00e9 FLL 1.&nbsp;&nbsp; QUAND&nbsp;? Le contr\u00f4le est effectu\u00e9 avant chaque s\u00e9ance \u00e0 l\u2019entr\u00e9e du DOJO. Il concerne toutes les personnes de plus de 17 ans \u00e0 partir du 10 septembre, date &hellip; <a href=\"https:\/\/karate-lanester.org\/index.php\/controle-pass-sanitaire\/\">Continuer la lecture <span class=\"meta-nav\">&rarr;<\/span><\/a><\/p>\n","protected":false},"author":1,"featured_media":0,"parent":0,"menu_order":0,"comment_status":"closed","ping_status":"closed","template":"","meta":{"footnotes":""},"class_list":["post-2058","page","type-page","status-publish","hentry"],"_links":{"self":[{"href":"https:\/\/karate-lanester.org\/index.php\/wp-json\/wp\/v2\/pages\/2058","targetHints":{"allow":["GET"]}}],"collection":[{"href":"https:\/\/karate-lanester.org\/index.php\/wp-json\/wp\/v2\/pages"}],"about":[{"href":"https:\/\/karate-lanester.org\/index.php\/wp-json\/wp\/v2\/types\/page"}],"author":[{"embeddable":true,"href":"https:\/\/karate-lanester.org\/index.php\/wp-json\/wp\/v2\/users\/1"}],"replies":[{"embeddable":true,"href":"https:\/\/karate-lanester.org\/index.php\/wp-json\/wp\/v2\/comments?post=2058"}],"version-history":[{"count":5,"href":"https:\/\/karate-lanester.org\/index.php\/wp-json\/wp\/v2\/pages\/2058\/revisions"}],"predecessor-version":[{"id":2069,"href":"https:\/\/karate-lanester.org\/index.php\/wp-json\/wp\/v2\/pages\/2058\/revisions\/2069"}],"wp:attachment":[{"href":"https:\/\/karate-lanester.org\/index.php\/wp-json\/wp\/v2\/media?parent=2058"}],"curies":[{"name":"wp","href":"https:\/\/api.w.org\/{rel}","templated":true}]}}